{"id":90,"date":"2016-04-25T22:48:50","date_gmt":"2016-04-25T19:48:50","guid":{"rendered":"http:\/\/uus.tkd.ee\/?page_id=90"},"modified":"2016-08-17T12:29:37","modified_gmt":"2016-08-17T09:29:37","slug":"aumargid","status":"publish","type":"page","link":"https:\/\/tkd.ee\/itf\/et\/organisatsioon\/aumargid\/","title":{"rendered":"Aum\u00e4rgid"},"content":{"rendered":"<!--themify_builder_content-->\n<div id=\"themify_builder_content-90\" data-postid=\"90\" class=\"themify_builder_content themify_builder_content-90 themify_builder tf_clear\">\n                    <div  data-lazy=\"1\" class=\"module_row themify_builder_row tb_a6ac020 tb_first tf_w\">\n                        <div class=\"row_inner col_align_top tb_col_count_2 tf_box tf_rel\">\n                        <div  data-lazy=\"1\" class=\"module_column tb-column col4-3  tb_45cg223 first\">\n                    <!-- module text -->\n<div  class=\"module module-text tb_uhya040   \" data-lazy=\"1\">\n    <h3 class=\"module-title\">Rahvusvahelise Taekwondo F\u00f6deratsiooni (ITF) orden<\/h3>    <div  class=\"tb_text_wrap\">\n        <p style=\\\"text-align: justify;\\\"><b>ITF orden antakse v\u00e4lja silmapaistvate teenete eest, mis soodustavad Taekwondo arengut rahvusvahelisel tasemel. ITF aum\u00e4rgiga autasustatud mituk\u00fcmmend inimese kogu maailmas.\u00a0<\/b><\/p><p style=\\\"text-align: justify;\\\"><span style=\\\"font-weight: 400;\\\">2005. a <strong>ITF orden<\/strong> silmapaistva panuse eest Taekwondo arengusse Eestis ning rahvusvahelisel tasemel omistati Eesti Taekwondo Liidu presidendile Mihhail K\u00f5lvart\u2019ile.<\/span><b> ITF orden <\/b><span style=\\\"font-weight: 400;\\\">silmapaistvate sportlike saavutuste ja aktiivse tegevuse eest Taekwondo arengus omistati Eesti Taekwondo Liidu tippsportlasele Ilona Tsvetkova\u2019le. <\/span><b>Autasud andis \u00fcle Rahvusvahelise Taekwon-do F\u00f6deratsiooni president, Rahvusvahelise Ol\u00fcmpiakomitee liige professor Chang Ung. <\/b><span style=\\\"font-weight: 400;\\\">Autasustamine toimus Tallinnas Rahvusvahelise V\u00f5istluskunstide Festivali <\/span><b>\u00abThe Way of Young Masters\u00bb <\/b><span style=\\\"font-weight: 400;\\\">pidulikul avatseremoonial.<\/span><\/p><p style=\\\"text-align: justify;\\\"><span style=\\\"font-weight: 400;\\\">2011.a Pyongyangis toimunud rahvusvahelisel v\u00f5itluskunstide kongressil \u00a0\u00a0v\u00f5eti vastu otsus Mihhail K\u00f5lvarti autasustamise kohta teise Rahvusvahelise Taekwon-do \u00a0F\u00f6deratsiooni \u00a0ordeniga \u00a0panuse eest selle sordiala arengusse maailmas.<\/span><\/p><p style=\\\"text-align: justify;\\\">2015.a. anti <strong>Mihhail K\u00f5lvartile<\/strong> \u00fcle kolmas <strong>ITF orden<\/strong>, Taekwondo 60. aastap\u00e4eva auks.<\/p>    <\/div>\n<\/div>\n<!-- \/module text -->        <\/div>\n                    <div  data-lazy=\"1\" class=\"module_column tb-column col4-1  tb_c7tr030 last\">\n                    <!-- module image -->\n<div  class=\"module module-image tb_uz3p043 image-center rounded  tf_mw\" data-lazy=\"1\">\n        <div class=\"image-wrap tf_rel tf_mw\">\n            <img loading=\"lazy\" decoding=\"async\" src=\"https:\/\/tkd.ee\/itf\/wp-content\/uploads\/2016\/05\/image003-150x283.png\" width=\"150\" height=\"283\" class=\"wp-post-image wp-image-123\" title=\"image003\" alt=\"Rahvusvahelise Taekwondo F\u00f6deratsiooni orden\" srcset=\"https:\/\/tkd.ee\/itf\/wp-content\/uploads\/2016\/05\/image003-150x283.png 150w, https:\/\/tkd.ee\/itf\/wp-content\/uploads\/2016\/05\/image003.png 206w\" sizes=\"(max-width: 150px) 100vw, 150px\" \/>    \n        <\/div>\n    <!-- \/image-wrap -->\n    \n        <div class=\"image-content\">\n                        <div class=\"image-caption tb_text_wrap\">\n            Rahvusvahelise Taekwondo F\u00f6deratsiooni orden        <\/div>\n        <!-- \/image-caption -->\n            <\/div>\n    <!-- \/image-content -->\n        <\/div>\n<!-- \/module image -->        <\/div>\n                        <\/div>\n        <\/div>\n                        <div  data-lazy=\"1\" class=\"module_row themify_builder_row tb_wf5t400 tf_w\">\n                        <div class=\"row_inner col_align_top tb_col_count_2 tf_box tf_rel\">\n                        <div  data-lazy=\"1\" class=\"module_column tb-column col4-3  tb_1zzc034 first\">\n                    <!-- module text -->\n<div  class=\"module module-text tb_33b7400   \" data-lazy=\"1\">\n    <h3 class=\"module-title\">Eesti Taekwondo Liidu orden<\/h3>    <div  class=\"tb_text_wrap\">\n        <p style=\\\"text-align: justify;\\\"><b>ETLi aum\u00e4rgiga autasustatakse taekwondo arengut Eestis silmapaistvalt soodustanud teenete eest. <\/b><\/p><p style=\\\"text-align: justify;\\\"><b>24.\u00a0<\/b><b style=\\\"line-height: 1.5;\\\">november 2007<\/b><\/p><p style=\\\"text-align: justify;\\\"><b>ETL<\/b> <b>orden <\/b><span style=\\\"font-weight: 400;\\\">omistati Eesti Taekwondo Liidu asepresidendile <\/span><b>Valev Udras\u2019ele<\/b><span style=\\\"font-weight: 400;\\\"> silmapaistva panuse eest Taekwondo regionaalsesse arengusse Eestis<\/span><b>.<\/b><\/p><p style=\\\"text-align: justify;\\\"><b>ETL orden<\/b><span style=\\\"font-weight: 400;\\\"> omistati Eesti Taekwondo Liidu peakohtunikule <\/span><b>Sergei Ma\u0161ara\u2019le <\/b><span style=\\\"font-weight: 400;\\\">silmapaistva panuse eest Taekwondo kohtunike s\u00fcsteemi arengusse Eestis.<\/span><\/p><p style=\\\"text-align: justify;\\\"><b>ETL orden <\/b><span style=\\\"font-weight: 400;\\\">silmapaistvate sportlike saavutuste ja aktiivse organisatsioonilise tegevuse eest Taekwondo arengu alal omistati Ilona Tsvetkova\u2019le.<\/span><\/p><p style=\\\"text-align: justify;\\\"><span style=\\\"font-weight: 400;\\\">\u0410utasud andis \u00fcle Eesti Taekwondo Liidu president <\/span><b>Mihhail K\u00f5lvart<\/b><span style=\\\"font-weight: 400;\\\">. Autasustamine toimus Tallinnas piduliku \u00fcrituse ajal, mis oli seotud <\/span><b>Eesti Taekwondo Liidu 15-aastaseks<\/b><span style=\\\"font-weight: 400;\\\"> saamisega. <\/span><\/p><p style=\\\"text-align: justify;\\\"><span style=\\\"font-weight: 400;\\\"><strong>11.<\/strong>\u00a0<\/span><b style=\\\"line-height: 1.5;\\\">detsember 2007<\/b><\/p><p style=\\\"text-align: justify;\\\"><b>ETL<\/b><span style=\\\"font-weight: 400;\\\"> orden omistati <\/span><b>Riigikogu liikmele Vilja Savisaar\u2019ele<\/b><span style=\\\"font-weight: 400;\\\"> silmapaistva panuse eest Taekwondo levikusse laste ja noorte hulgas ning \u00a0noorte sportlaste toetamise eest.<\/span><\/p><p style=\\\"text-align: justify;\\\"><span style=\\\"font-weight: 400;\\\">Autasu andis \u00fcle Eesti Taekwondo Liidu President <\/span><b>Mihhail K\u00f5lvart. <\/b><\/p><p style=\\\"text-align: justify;\\\"><b>1.\u00a0<\/b><b style=\\\"line-height: 1.5;\\\">m\u00e4rts 2008<\/b><\/p><p style=\\\"text-align: justify;\\\"><b>ETL orden <\/b><span style=\\\"font-weight: 400;\\\">silmapaistva kauaaegse treenerit\u00f6\u00f6 ja k\u00f5rgetasemeliste sportlaste ettevalmistuse eest omistati Eesti Taekwondo Liidu peatreenerile \u00a0<\/span><b>Robert Trofimov\u2019ile.<\/b><\/p><p style=\\\"text-align: justify;\\\"><span style=\\\"font-weight: 400;\\\">Autasu andis \u00fcle Eesti V\u00f5itlusspordi \u00dchenduse president \u00a0<\/span><b>Evelin Sepp<\/b><span style=\\\"font-weight: 400;\\\">. Autasustamine toimus Tallinnas <\/span><b>\u201cEesti Esimeste Avatud V\u00f5itlusspordi M\u00e4ngude \u201c piduliku avatseremoonia ajal.<\/b><\/p><p>\u00a0<\/p>    <\/div>\n<\/div>\n<!-- \/module text --><!-- module text -->\n<div  class=\"module module-text tb_cjqp000   \" data-lazy=\"1\">\n    <h3 class=\"module-title\">Eesti Taekwondo Liidu liikmem\u00e4rk ja pass<\/h3>    <div  class=\"tb_text_wrap\">\n        <p>ETL liikmem\u00e4rk ja pass v\u00e4ljastatakse Eesti Taekwondo Liidu k\u00f5ikidele \u00a0liikmetele.<\/p>    <\/div>\n<\/div>\n<!-- \/module text -->        <\/div>\n                    <div  data-lazy=\"1\" class=\"module_column tb-column col4-1  tb_07kt460 last\">\n                    <!-- module image -->\n<div  class=\"module module-image tb_rkhw038 image-center rounded  tf_mw\" data-lazy=\"1\">\n        <div class=\"image-wrap tf_rel tf_mw\">\n            <img loading=\"lazy\" decoding=\"async\" src=\"https:\/\/tkd.ee\/itf\/wp-content\/uploads\/2016\/05\/image004-150x306.png\" width=\"150\" height=\"306\" class=\"wp-post-image wp-image-124\" title=\"image004\" alt=\"Eesti Taekwondo Liidu orden\" srcset=\"https:\/\/tkd.ee\/itf\/wp-content\/uploads\/2016\/05\/image004-150x306.png 150w, https:\/\/tkd.ee\/itf\/wp-content\/uploads\/2016\/05\/image004-147x300.png 147w, https:\/\/tkd.ee\/itf\/wp-content\/uploads\/2016\/05\/image004.png 191w\" sizes=\"(max-width: 150px) 100vw, 150px\" \/>    \n        <\/div>\n    <!-- \/image-wrap -->\n    \n        <div class=\"image-content\">\n                        <div class=\"image-caption tb_text_wrap\">\n            Eesti Taekwondo Liidu orden        <\/div>\n        <!-- \/image-caption -->\n            <\/div>\n    <!-- \/image-content -->\n        <\/div>\n<!-- \/module image --><!-- module image -->\n<div  class=\"module module-image tb_4vua003 image-center rounded  tf_mw\" data-lazy=\"1\">\n        <div class=\"image-wrap tf_rel tf_mw\">\n            <img loading=\"lazy\" decoding=\"async\" src=\"https:\/\/tkd.ee\/itf\/wp-content\/uploads\/2016\/05\/etlpass-150x203.jpg\" width=\"150\" height=\"203\" class=\"wp-post-image wp-image-174\" title=\"etlpass\" alt=\"Eesti Taekwondo Liidu Pass\" srcset=\"https:\/\/tkd.ee\/itf\/wp-content\/uploads\/2016\/05\/etlpass-150x203.jpg 150w, https:\/\/tkd.ee\/itf\/wp-content\/uploads\/2016\/05\/etlpass.jpg 184w\" sizes=\"(max-width: 150px) 100vw, 150px\" \/>    \n        <\/div>\n    <!-- \/image-wrap -->\n    \n        <div class=\"image-content\">\n                        <div class=\"image-caption tb_text_wrap\">\n            Eesti Taekwondo Liidu Pass        <\/div>\n        <!-- \/image-caption -->\n            <\/div>\n    <!-- \/image-content -->\n        <\/div>\n<!-- \/module image --><!-- module image -->\n<div  class=\"module module-image tb_4ju1005 image-center rounded  tf_mw\" data-lazy=\"1\">\n        <div class=\"image-wrap tf_rel tf_mw\">\n            <img loading=\"lazy\" decoding=\"async\" src=\"https:\/\/tkd.ee\/itf\/wp-content\/uploads\/2016\/05\/znachok-150x150.png\" width=\"150\" height=\"150\" class=\"wp-post-image wp-image-175\" title=\"znachok\" alt=\"Eesti Taekwondo Liidu m\u00e4rk\">    \n        <\/div>\n    <!-- \/image-wrap -->\n    \n        <div class=\"image-content\">\n                        <div class=\"image-caption tb_text_wrap\">\n            Eesti Taekwondo Liidu m\u00e4rk        <\/div>\n        <!-- \/image-caption -->\n            <\/div>\n    <!-- \/image-content -->\n        <\/div>\n<!-- \/module image -->        <\/div>\n                        <\/div>\n        <\/div>\n        <\/div>\n<!--\/themify_builder_content-->","protected":false},"excerpt":{"rendered":"<p>Rahvusvahelise Taekwondo F\u00f6deratsiooni (ITF) orden ITF orden antakse v\u00e4lja silmapaistvate teenete eest, mis soodustavad Taekwondo arengut rahvusvahelisel tasemel. ITF aum\u00e4rgiga autasustatud mituk\u00fcmmend inimese kogu maailmas.\u00a0 2005. a ITF orden silmapaistva panuse eest Taekwondo arengusse Eestis ning rahvusvahelisel tasemel omistati Eesti<\/p>\n","protected":false},"author":1,"featured_media":0,"parent":83,"menu_order":0,"comment_status":"closed","ping_status":"closed","template":"","meta":{"footnotes":""},"class_list":["post-90","page","type-page","status-publish","hentry"],"yoast_head":"<!-- This site is optimized with the Yoast SEO plugin v24.1 - https:\/\/yoast.com\/wordpress\/plugins\/seo\/ -->\n<title>Aum\u00e4rgid - EESTI TAEKWONDO LIIT<\/title>\n<meta name=\"robots\" content=\"index, follow, max-snippet:-1, max-image-preview:large, max-video-preview:-1\" \/>\n<link rel=\"canonical\" href=\"https:\/\/tkd.ee\/itf\/et\/organisatsioon\/aumargid\/\" \/>\n<meta property=\"og:locale\" content=\"et_EE\" \/>\n<meta property=\"og:type\" content=\"article\" \/>\n<meta property=\"og:title\" content=\"Aum\u00e4rgid - EESTI TAEKWONDO LIIT\" \/>\n<meta property=\"og:description\" content=\"Rahvusvahelise Taekwondo F\u00f6deratsiooni (ITF) orden ITF orden antakse v\u00e4lja silmapaistvate teenete eest, mis soodustavad Taekwondo arengut rahvusvahelisel tasemel. ITF aum\u00e4rgiga autasustatud mituk\u00fcmmend inimese kogu maailmas.\u00a0 2005. a ITF orden silmapaistva panuse eest Taekwondo arengusse Eestis ning rahvusvahelisel tasemel omistati Eesti\" \/>\n<meta property=\"og:url\" content=\"https:\/\/tkd.ee\/itf\/et\/organisatsioon\/aumargid\/\" \/>\n<meta property=\"og:site_name\" content=\"EESTI TAEKWONDO LIIT\" \/>\n<meta property=\"article:modified_time\" content=\"2016-08-17T09:29:37+00:00\" \/>\n<meta name=\"twitter:card\" content=\"summary_large_image\" \/>\n<meta name=\"twitter:label1\" content=\"Est. reading time\" \/>\n\t<meta name=\"twitter:data1\" content=\"2 minutit\" \/>\n<script type=\"application\/ld+json\" class=\"yoast-schema-graph\">{\"@context\":\"https:\/\/schema.org\",\"@graph\":[{\"@type\":\"WebPage\",\"@id\":\"https:\/\/tkd.ee\/itf\/et\/organisatsioon\/aumargid\/\",\"url\":\"https:\/\/tkd.ee\/itf\/et\/organisatsioon\/aumargid\/\",\"name\":\"Aum\u00e4rgid - EESTI TAEKWONDO LIIT\",\"isPartOf\":{\"@id\":\"https:\/\/tkd.ee\/itf\/#website\"},\"primaryImageOfPage\":{\"@id\":\"https:\/\/tkd.ee\/itf\/et\/organisatsioon\/aumargid\/#primaryimage\"},\"image\":{\"@id\":\"https:\/\/tkd.ee\/itf\/et\/organisatsioon\/aumargid\/#primaryimage\"},\"thumbnailUrl\":\"https:\/\/tkd.ee\/itf\/wp-content\/uploads\/2016\/05\/image003-150x283.png\",\"datePublished\":\"2016-04-25T19:48:50+00:00\",\"dateModified\":\"2016-08-17T09:29:37+00:00\",\"breadcrumb\":{\"@id\":\"https:\/\/tkd.ee\/itf\/et\/organisatsioon\/aumargid\/#breadcrumb\"},\"inLanguage\":\"et\",\"potentialAction\":[{\"@type\":\"ReadAction\",\"target\":[\"https:\/\/tkd.ee\/itf\/et\/organisatsioon\/aumargid\/\"]}]},{\"@type\":\"ImageObject\",\"inLanguage\":\"et\",\"@id\":\"https:\/\/tkd.ee\/itf\/et\/organisatsioon\/aumargid\/#primaryimage\",\"url\":\"https:\/\/tkd.ee\/itf\/wp-content\/uploads\/2016\/05\/image003.png\",\"contentUrl\":\"https:\/\/tkd.ee\/itf\/wp-content\/uploads\/2016\/05\/image003.png\",\"width\":206,\"height\":390},{\"@type\":\"BreadcrumbList\",\"@id\":\"https:\/\/tkd.ee\/itf\/et\/organisatsioon\/aumargid\/#breadcrumb\",\"itemListElement\":[{\"@type\":\"ListItem\",\"position\":1,\"name\":\"Home\",\"item\":\"https:\/\/tkd.ee\/itf\/et\/\"},{\"@type\":\"ListItem\",\"position\":2,\"name\":\"Organisatsioon\",\"item\":\"https:\/\/tkd.ee\/itf\/et\/organisatsioon\/\"},{\"@type\":\"ListItem\",\"position\":3,\"name\":\"Aum\u00e4rgid\"}]},{\"@type\":\"WebSite\",\"@id\":\"https:\/\/tkd.ee\/itf\/#website\",\"url\":\"https:\/\/tkd.ee\/itf\/\",\"name\":\"EESTI TAEKWONDO LIIT\",\"description\":\"Balanced development and fair play\",\"publisher\":{\"@id\":\"https:\/\/tkd.ee\/itf\/#organization\"},\"potentialAction\":[{\"@type\":\"SearchAction\",\"target\":{\"@type\":\"EntryPoint\",\"urlTemplate\":\"https:\/\/tkd.ee\/itf\/?s={search_term_string}\"},\"query-input\":{\"@type\":\"PropertyValueSpecification\",\"valueRequired\":true,\"valueName\":\"search_term_string\"}}],\"inLanguage\":\"et\"},{\"@type\":\"Organization\",\"@id\":\"https:\/\/tkd.ee\/itf\/#organization\",\"name\":\"Eesti Taekwondo Liit\",\"url\":\"https:\/\/tkd.ee\/itf\/\",\"logo\":{\"@type\":\"ImageObject\",\"inLanguage\":\"et\",\"@id\":\"https:\/\/tkd.ee\/itf\/#\/schema\/logo\/image\/\",\"url\":\"https:\/\/tkd.ee\/itf\/wp-content\/uploads\/2020\/11\/itf-logo-1.png\",\"contentUrl\":\"https:\/\/tkd.ee\/itf\/wp-content\/uploads\/2020\/11\/itf-logo-1.png\",\"width\":540,\"height\":540,\"caption\":\"Eesti Taekwondo Liit\"},\"image\":{\"@id\":\"https:\/\/tkd.ee\/itf\/#\/schema\/logo\/image\/\"}}]}<\/script>\n<!-- \/ Yoast SEO plugin. -->","yoast_head_json":{"title":"Aum\u00e4rgid - EESTI TAEKWONDO LIIT","robots":{"index":"index","follow":"follow","max-snippet":"max-snippet:-1","max-image-preview":"max-image-preview:large","max-video-preview":"max-video-preview:-1"},"canonical":"https:\/\/tkd.ee\/itf\/et\/organisatsioon\/aumargid\/","og_locale":"et_EE","og_type":"article","og_title":"Aum\u00e4rgid - EESTI TAEKWONDO LIIT","og_description":"Rahvusvahelise Taekwondo F\u00f6deratsiooni (ITF) orden ITF orden antakse v\u00e4lja silmapaistvate teenete eest, mis soodustavad Taekwondo arengut rahvusvahelisel tasemel. ITF aum\u00e4rgiga autasustatud mituk\u00fcmmend inimese kogu maailmas.\u00a0 2005. a ITF orden silmapaistva panuse eest Taekwondo arengusse Eestis ning rahvusvahelisel tasemel omistati Eesti","og_url":"https:\/\/tkd.ee\/itf\/et\/organisatsioon\/aumargid\/","og_site_name":"EESTI TAEKWONDO LIIT","article_modified_time":"2016-08-17T09:29:37+00:00","twitter_card":"summary_large_image","twitter_misc":{"Est. reading time":"2 minutit"},"schema":{"@context":"https:\/\/schema.org","@graph":[{"@type":"WebPage","@id":"https:\/\/tkd.ee\/itf\/et\/organisatsioon\/aumargid\/","url":"https:\/\/tkd.ee\/itf\/et\/organisatsioon\/aumargid\/","name":"Aum\u00e4rgid - EESTI TAEKWONDO LIIT","isPartOf":{"@id":"https:\/\/tkd.ee\/itf\/#website"},"primaryImageOfPage":{"@id":"https:\/\/tkd.ee\/itf\/et\/organisatsioon\/aumargid\/#primaryimage"},"image":{"@id":"https:\/\/tkd.ee\/itf\/et\/organisatsioon\/aumargid\/#primaryimage"},"thumbnailUrl":"https:\/\/tkd.ee\/itf\/wp-content\/uploads\/2016\/05\/image003-150x283.png","datePublished":"2016-04-25T19:48:50+00:00","dateModified":"2016-08-17T09:29:37+00:00","breadcrumb":{"@id":"https:\/\/tkd.ee\/itf\/et\/organisatsioon\/aumargid\/#breadcrumb"},"inLanguage":"et","potentialAction":[{"@type":"ReadAction","target":["https:\/\/tkd.ee\/itf\/et\/organisatsioon\/aumargid\/"]}]},{"@type":"ImageObject","inLanguage":"et","@id":"https:\/\/tkd.ee\/itf\/et\/organisatsioon\/aumargid\/#primaryimage","url":"https:\/\/tkd.ee\/itf\/wp-content\/uploads\/2016\/05\/image003.png","contentUrl":"https:\/\/tkd.ee\/itf\/wp-content\/uploads\/2016\/05\/image003.png","width":206,"height":390},{"@type":"BreadcrumbList","@id":"https:\/\/tkd.ee\/itf\/et\/organisatsioon\/aumargid\/#breadcrumb","itemListElement":[{"@type":"ListItem","position":1,"name":"Home","item":"https:\/\/tkd.ee\/itf\/et\/"},{"@type":"ListItem","position":2,"name":"Organisatsioon","item":"https:\/\/tkd.ee\/itf\/et\/organisatsioon\/"},{"@type":"ListItem","position":3,"name":"Aum\u00e4rgid"}]},{"@type":"WebSite","@id":"https:\/\/tkd.ee\/itf\/#website","url":"https:\/\/tkd.ee\/itf\/","name":"EESTI TAEKWONDO LIIT","description":"Balanced development and fair play","publisher":{"@id":"https:\/\/tkd.ee\/itf\/#organization"},"potentialAction":[{"@type":"SearchAction","target":{"@type":"EntryPoint","urlTemplate":"https:\/\/tkd.ee\/itf\/?s={search_term_string}"},"query-input":{"@type":"PropertyValueSpecification","valueRequired":true,"valueName":"search_term_string"}}],"inLanguage":"et"},{"@type":"Organization","@id":"https:\/\/tkd.ee\/itf\/#organization","name":"Eesti Taekwondo Liit","url":"https:\/\/tkd.ee\/itf\/","logo":{"@type":"ImageObject","inLanguage":"et","@id":"https:\/\/tkd.ee\/itf\/#\/schema\/logo\/image\/","url":"https:\/\/tkd.ee\/itf\/wp-content\/uploads\/2020\/11\/itf-logo-1.png","contentUrl":"https:\/\/tkd.ee\/itf\/wp-content\/uploads\/2020\/11\/itf-logo-1.png","width":540,"height":540,"caption":"Eesti Taekwondo Liit"},"image":{"@id":"https:\/\/tkd.ee\/itf\/#\/schema\/logo\/image\/"}}]}},"builder_content":"<h3>Rahvusvahelise Taekwondo F\u00f6deratsiooni (ITF) orden<\/h3> <p style=\\\"text-align: justify;\\\"><b>ITF orden antakse v\u00e4lja silmapaistvate teenete eest, mis soodustavad Taekwondo arengut rahvusvahelisel tasemel. ITF aum\u00e4rgiga autasustatud mituk\u00fcmmend inimese kogu maailmas.\u00a0<\/b><\/p><p style=\\\"text-align: justify;\\\">2005. a <strong>ITF orden<\/strong> silmapaistva panuse eest Taekwondo arengusse Eestis ning rahvusvahelisel tasemel omistati Eesti Taekwondo Liidu presidendile Mihhail K\u00f5lvart\u2019ile.<b> ITF orden <\/b>silmapaistvate sportlike saavutuste ja aktiivse tegevuse eest Taekwondo arengus omistati Eesti Taekwondo Liidu tippsportlasele Ilona Tsvetkova\u2019le. <b>Autasud andis \u00fcle Rahvusvahelise Taekwon-do F\u00f6deratsiooni president, Rahvusvahelise Ol\u00fcmpiakomitee liige professor Chang Ung. <\/b>Autasustamine toimus Tallinnas Rahvusvahelise V\u00f5istluskunstide Festivali <b>\u00abThe Way of Young Masters\u00bb <\/b>pidulikul avatseremoonial.<\/p><p style=\\\"text-align: justify;\\\">2011.a Pyongyangis toimunud rahvusvahelisel v\u00f5itluskunstide kongressil \u00a0\u00a0v\u00f5eti vastu otsus Mihhail K\u00f5lvarti autasustamise kohta teise Rahvusvahelise Taekwon-do \u00a0F\u00f6deratsiooni \u00a0ordeniga \u00a0panuse eest selle sordiala arengusse maailmas.<\/p><p style=\\\"text-align: justify;\\\">2015.a. anti <strong>Mihhail K\u00f5lvartile<\/strong> \u00fcle kolmas <strong>ITF orden<\/strong>, Taekwondo 60. aastap\u00e4eva auks.<\/p>\n<img src=\"https:\/\/tkd.ee\/itf\/wp-content\/uploads\/2016\/05\/image003-150x283.png\" width=\"150\" height=\"283\" title=\"image003\" alt=\"Rahvusvahelise Taekwondo F\u00f6deratsiooni orden\" srcset=\"https:\/\/tkd.ee\/itf\/wp-content\/uploads\/2016\/05\/image003-150x283.png 150w, https:\/\/tkd.ee\/itf\/wp-content\/uploads\/2016\/05\/image003.png 206w\" sizes=\"(max-width: 150px) 100vw, 150px\" \/> Rahvusvahelise Taekwondo F\u00f6deratsiooni orden\n<h3>Eesti Taekwondo Liidu orden<\/h3> <p style=\\\"text-align: justify;\\\"><b>ETLi aum\u00e4rgiga autasustatakse taekwondo arengut Eestis silmapaistvalt soodustanud teenete eest. <\/b><\/p><p style=\\\"text-align: justify;\\\"><b>24.\u00a0<\/b><b style=\\\"line-height: 1.5;\\\">november 2007<\/b><\/p><p style=\\\"text-align: justify;\\\"><b>ETL<\/b> <b>orden <\/b>omistati Eesti Taekwondo Liidu asepresidendile <b>Valev Udras\u2019ele<\/b> silmapaistva panuse eest Taekwondo regionaalsesse arengusse Eestis<b>.<\/b><\/p><p style=\\\"text-align: justify;\\\"><b>ETL orden<\/b> omistati Eesti Taekwondo Liidu peakohtunikule <b>Sergei Ma\u0161ara\u2019le <\/b>silmapaistva panuse eest Taekwondo kohtunike s\u00fcsteemi arengusse Eestis.<\/p><p style=\\\"text-align: justify;\\\"><b>ETL orden <\/b>silmapaistvate sportlike saavutuste ja aktiivse organisatsioonilise tegevuse eest Taekwondo arengu alal omistati Ilona Tsvetkova\u2019le.<\/p><p style=\\\"text-align: justify;\\\">\u0410utasud andis \u00fcle Eesti Taekwondo Liidu president <b>Mihhail K\u00f5lvart<\/b>. Autasustamine toimus Tallinnas piduliku \u00fcrituse ajal, mis oli seotud <b>Eesti Taekwondo Liidu 15-aastaseks<\/b> saamisega. <\/p><p style=\\\"text-align: justify;\\\"><strong>11.<\/strong>\u00a0<b style=\\\"line-height: 1.5;\\\">detsember 2007<\/b><\/p><p style=\\\"text-align: justify;\\\"><b>ETL<\/b> orden omistati <b>Riigikogu liikmele Vilja Savisaar\u2019ele<\/b> silmapaistva panuse eest Taekwondo levikusse laste ja noorte hulgas ning \u00a0noorte sportlaste toetamise eest.<\/p><p style=\\\"text-align: justify;\\\">Autasu andis \u00fcle Eesti Taekwondo Liidu President <b>Mihhail K\u00f5lvart. <\/b><\/p><p style=\\\"text-align: justify;\\\"><b>1.\u00a0<\/b><b style=\\\"line-height: 1.5;\\\">m\u00e4rts 2008<\/b><\/p><p style=\\\"text-align: justify;\\\"><b>ETL orden <\/b>silmapaistva kauaaegse treenerit\u00f6\u00f6 ja k\u00f5rgetasemeliste sportlaste ettevalmistuse eest omistati Eesti Taekwondo Liidu peatreenerile \u00a0<b>Robert Trofimov\u2019ile.<\/b><\/p><p style=\\\"text-align: justify;\\\">Autasu andis \u00fcle Eesti V\u00f5itlusspordi \u00dchenduse president \u00a0<b>Evelin Sepp<\/b>. Autasustamine toimus Tallinnas <b>\u201cEesti Esimeste Avatud V\u00f5itlusspordi M\u00e4ngude \u201c piduliku avatseremoonia ajal.<\/b><\/p><p>\u00a0<\/p>\n<h3>Eesti Taekwondo Liidu liikmem\u00e4rk ja pass<\/h3> <p>ETL liikmem\u00e4rk ja pass v\u00e4ljastatakse Eesti Taekwondo Liidu k\u00f5ikidele \u00a0liikmetele.<\/p>\n<img src=\"https:\/\/tkd.ee\/itf\/wp-content\/uploads\/2016\/05\/image004-150x306.png\" width=\"150\" height=\"306\" title=\"image004\" alt=\"Eesti Taekwondo Liidu orden\" srcset=\"https:\/\/tkd.ee\/itf\/wp-content\/uploads\/2016\/05\/image004-150x306.png 150w, https:\/\/tkd.ee\/itf\/wp-content\/uploads\/2016\/05\/image004-147x300.png 147w, https:\/\/tkd.ee\/itf\/wp-content\/uploads\/2016\/05\/image004.png 191w\" sizes=\"(max-width: 150px) 100vw, 150px\" \/> Eesti Taekwondo Liidu orden\n<img src=\"https:\/\/tkd.ee\/itf\/wp-content\/uploads\/2016\/05\/etlpass-150x203.jpg\" width=\"150\" height=\"203\" title=\"etlpass\" alt=\"Eesti Taekwondo Liidu Pass\" srcset=\"https:\/\/tkd.ee\/itf\/wp-content\/uploads\/2016\/05\/etlpass-150x203.jpg 150w, https:\/\/tkd.ee\/itf\/wp-content\/uploads\/2016\/05\/etlpass.jpg 184w\" sizes=\"(max-width: 150px) 100vw, 150px\" \/> Eesti Taekwondo Liidu Pass\n<img src=\"https:\/\/tkd.ee\/itf\/wp-content\/uploads\/2016\/05\/znachok-150x150.png\" width=\"150\" height=\"150\" title=\"znachok\" alt=\"Eesti Taekwondo Liidu m\u00e4rk\"> Eesti Taekwondo Liidu m\u00e4rk","_links":{"self":[{"href":"https:\/\/tkd.ee\/itf\/wp-json\/wp\/v2\/pages\/90"}],"collection":[{"href":"https:\/\/tkd.ee\/itf\/wp-json\/wp\/v2\/pages"}],"about":[{"href":"https:\/\/tkd.ee\/itf\/wp-json\/wp\/v2\/types\/page"}],"author":[{"embeddable":true,"href":"https:\/\/tkd.ee\/itf\/wp-json\/wp\/v2\/users\/1"}],"replies":[{"embeddable":true,"href":"https:\/\/tkd.ee\/itf\/wp-json\/wp\/v2\/comments?post=90"}],"version-history":[{"count":6,"href":"https:\/\/tkd.ee\/itf\/wp-json\/wp\/v2\/pages\/90\/revisions"}],"predecessor-version":[{"id":2145,"href":"https:\/\/tkd.ee\/itf\/wp-json\/wp\/v2\/pages\/90\/revisions\/2145"}],"up":[{"embeddable":true,"href":"https:\/\/tkd.ee\/itf\/wp-json\/wp\/v2\/pages\/83"}],"wp:attachment":[{"href":"https:\/\/tkd.ee\/itf\/wp-json\/wp\/v2\/media?parent=90"}],"curies":[{"name":"wp","href":"https:\/\/api.w.org\/{rel}","templated":true}]}}